{"id":3,"date":"2023-01-25T12:32:10","date_gmt":"2023-01-25T12:32:10","guid":{"rendered":"http:\/\/doctoralaurafernandez.com\/?page_id=3"},"modified":"2024-04-09T08:32:39","modified_gmt":"2024-04-09T08:32:39","slug":"privacy-policy","status":"publish","type":"page","link":"https:\/\/doctoralaurafernandez.com\/en\/privacy-policy\/","title":{"rendered":"Privacy Policy"},"content":{"rendered":"<h2 class=\"wp-block-heading\">Privacy Policy<\/h2>\n\n\n\n<p>De conformidad con el art\u00edculo 13 del Reglamento (UE) 2016\/679, de 27 de abril,<br>relativo a la protecci\u00f3n de las personas f\u00edsicas en lo que respecta al tratamiento de<br>datos personales y a la libre circulaci\u00f3n de los mismos, y del art\u00edculo 11 de la Ley<br>Org\u00e1nica 3\/2018, de 5 de diciembre, de Protecci\u00f3n de Datos Personales y garant\u00eda de<br>los derechos digitales (LOPDGDD) se informa al usuario de los siguientes aspectos:<\/p>\n\n\n\n<h2 class=\"wp-block-heading\">\u00bfQui\u00e9n es el Responsable del tratamiento de sus datos?<\/h2>\n\n\n\n<ul class=\"wp-block-list\">\n<li>Identidad: Cl\u00ednica Dra. Laura Fern\u00e1ndez<\/li>\n\n\n\n<li>NIF: <\/li>\n\n\n\n<li>Domicilio: <\/li>\n\n\n\n<li>Tel\u00e9fono: 971931177<\/li>\n\n\n\n<li>Correo electr\u00f3nico: info@clinicalf.com<\/li>\n\n\n\n<li>Datos del Delegado de Protecci\u00f3n de datos: dpd@lexdigitalabogados.com<br>\u00bfCon qu\u00e9 finalidad tratamos sus datos personales?<br>Cl\u00ednica Dra. Laura Fern\u00e1ndez informa a los usuarios que la finalidad del tratamiento de los datos<br>recabados en el formulario de contacto del presente sitio web contempla: La atenci\u00f3n<br>de la solicitud realizada por el interesado, la inclusi\u00f3n en la agenda de contactos, la<br>prestaci\u00f3n del servicio requerido y la elaboraci\u00f3n de presupuestos.<br>\u00bfCu\u00e1l es la legitimaci\u00f3n para el tratamiento de sus datos?<br>La base jur\u00eddica para el tratamiento de sus datos personales es el consentimiento<br>expreso manifestado por el usuario de conformidad con el art\u00edculo 6.1.a) del RGPD, a<br>trav\u00e9s de la selecci\u00f3n de la casilla check de env\u00edo del formulario donde verifica su<br>consentimiento.<br>\u00bfPor cu\u00e1nto tiempo conservaremos sus datos?<br>S\u00f3lo almacenamos los datos personales de los usuarios en la medida en que la<br>necesitamos a fin de poder utilizarla seg\u00fan la finalidad para la que fue recabada, y<br>seg\u00fan la base jur\u00eddica del tratamiento de la misma. Mantendremos los datos<br>personales mientras exista una relaci\u00f3n contractual con el usuario y mientras \u00e9ste no<br>ejerza el derecho de supresi\u00f3n, cancelaci\u00f3n y\/o limitaci\u00f3n del tratamiento de los datos<br>personales<br>\u00bfA qu\u00e9 destinatarios se comunicar\u00e1n sus datos?<br>Cl\u00ednica Dra. Laura Fern\u00e1ndez informa a los usuarios de que sus datos personales no ser\u00e1n<br>cedidos a terceras organizaciones, con la salvedad de que dicha cesi\u00f3n de datos est\u00e9<br>amparada en una obligaci\u00f3n legal o cuando la prestaci\u00f3n de un servicio implique la<br>necesidad de una relaci\u00f3n contractual con un encargado de tratamiento.<\/li>\n<\/ul>\n\n\n\n<h2 class=\"wp-block-heading\">\u00bfCu\u00e1les son sus derechos cuando nos facilita sus datos?<\/h2>\n\n\n\n<p>Las personas interesadas tienen derecho a acceder a sus datos personales, as\u00ed como a<br>solicitar la rectificaci\u00f3n de los datos inexactos o, en su caso, solicitar su supresi\u00f3n<br>cuando, entre otros motivos, los datos ya no sean necesarios para los fines que fueron<br>recogidos.<br>En determinadas circunstancias, los interesados podr\u00e1n solicitar la limitaci\u00f3n del<br>tratamiento de sus datos, podr\u00e1n oponerse al tratamiento de los datos, as\u00ed como<br>ejercer el derecho a la portabilidad de sus datos.<br>Para hacer uso del ejercicio de estos derechos, el usuario deber\u00e1 dirigirse mediante<br>comunicaci\u00f3n escrita, aportando documentaci\u00f3n que acredite su identidad (DNI o<br>pasaporte), a la siguiente direcci\u00f3n de correo electr\u00f3nico: info@starkaudit.com. Dicha<br>comunicaci\u00f3n deber\u00e1 reflejar la siguiente informaci\u00f3n: Nombre y apellidos del<br>interesado, la petici\u00f3n de solicitud y los datos acreditativos.<br>Asimismo, tiene derecho a retirar el consentimiento para el tratamiento de sus datos<br>personales en cualquier momento.<br>Todo interesado tiene derecho a presentar una reclamaci\u00f3n ante la Agencia Espa\u00f1ola<br>de Protecci\u00f3n de Datos (www.aepd.es).<\/p>","protected":false},"excerpt":{"rendered":"<p>Pol\u00edtica de privacidad De conformidad con el art\u00edculo 13 del Reglamento (UE) 2016\/679, de 27 de abril,relativo a la protecci\u00f3n de las personas f\u00edsicas en lo que respecta al tratamiento dedatos personales y a la libre circulaci\u00f3n de los mismos, y del art\u00edculo 11 de la LeyOrg\u00e1nica 3\/2018, de 5 de diciembre, de Protecci\u00f3n de&hellip;&nbsp;<a href=\"https:\/\/doctoralaurafernandez.com\/en\/privacy-policy\/\" rel=\"bookmark\">Read More &raquo;<span class=\"screen-reader-text\">Privacy Policy<\/span><\/a><\/p>","protected":false},"author":1,"featured_media":0,"parent":0,"menu_order":0,"comment_status":"closed","ping_status":"closed","template":"","meta":{"neve_meta_sidebar":"","neve_meta_container":"","neve_meta_enable_content_width":"","neve_meta_content_width":0,"neve_meta_title_alignment":"","neve_meta_author_avatar":"","neve_post_elements_order":"","neve_meta_disable_header":"","neve_meta_disable_footer":"","neve_meta_disable_title":"","_themeisle_gutenberg_block_has_review":false,"_joinchat":[],"footnotes":""},"class_list":["post-3","page","type-page","status-publish","hentry"],"yoast_head":"<!-- This site is optimized with the Yoast SEO plugin v27.5 - https:\/\/yoast.com\/product\/yoast-seo-wordpress\/ -->\n<title>Pol\u00edtica de privacidad | Dra Laura Fern\u00e1ndez Medicina Est\u00e9tica Ibiza<\/title>\n<meta name=\"robots\" content=\"index, follow, max-snippet:-1, max-image-preview:large, max-video-preview:-1\" \/>\n<link rel=\"canonical\" href=\"https:\/\/doctoralaurafernandez.com\/en\/privacy-policy\/\" \/>\n<meta property=\"og:locale\" content=\"en_GB\" \/>\n<meta property=\"og:type\" content=\"article\" \/>\n<meta property=\"og:title\" content=\"Pol\u00edtica de privacidad | Dra Laura Fern\u00e1ndez Medicina Est\u00e9tica Ibiza\" \/>\n<meta property=\"og:description\" content=\"Pol\u00edtica de privacidad De conformidad con el art\u00edculo 13 del Reglamento (UE) 2016\/679, de 27 de abril,relativo a la protecci\u00f3n de las personas f\u00edsicas en lo que respecta al tratamiento dedatos personales y a la libre circulaci\u00f3n de los mismos, y del art\u00edculo 11 de la LeyOrg\u00e1nica 3\/2018, de 5 de diciembre, de Protecci\u00f3n de&hellip;&nbsp;Read More &raquo;Pol\u00edtica de privacidad\" \/>\n<meta property=\"og:url\" content=\"https:\/\/doctoralaurafernandez.com\/en\/privacy-policy\/\" \/>\n<meta property=\"og:site_name\" content=\"Dra Laura Fern\u00e1ndez Medicina Est\u00e9tica Ibiza\" \/>\n<meta property=\"article:publisher\" content=\"https:\/\/www.facebook.com\/laura.clinicamedicinaestetica\" \/>\n<meta property=\"article:modified_time\" content=\"2024-04-09T08:32:39+00:00\" \/>\n<meta property=\"og:image\" content=\"https:\/\/doctoralaurafernandez.com\/wp-content\/uploads\/2024\/04\/DSC01132-scaled.jpg\" \/>\n\t<meta property=\"og:image:width\" content=\"1707\" \/>\n\t<meta property=\"og:image:height\" content=\"2560\" \/>\n\t<meta property=\"og:image:type\" content=\"image\/jpeg\" \/>\n<meta name=\"twitter:card\" content=\"summary_large_image\" \/>\n<meta name=\"twitter:label1\" content=\"Estimated reading time\" \/>\n\t<meta name=\"twitter:data1\" content=\"3 minutes\" \/>\n<script type=\"application\/ld+json\" class=\"yoast-schema-graph\">{\"@context\":\"https:\\\/\\\/schema.org\",\"@graph\":[{\"@type\":\"WebPage\",\"@id\":\"https:\\\/\\\/doctoralaurafernandez.com\\\/privacy-policy\\\/\",\"url\":\"https:\\\/\\\/doctoralaurafernandez.com\\\/privacy-policy\\\/\",\"name\":\"Pol\u00edtica de privacidad | Dra Laura Fern\u00e1ndez Medicina Est\u00e9tica Ibiza\",\"isPartOf\":{\"@id\":\"https:\\\/\\\/doctoralaurafernandez.com\\\/#website\"},\"datePublished\":\"2023-01-25T12:32:10+00:00\",\"dateModified\":\"2024-04-09T08:32:39+00:00\",\"breadcrumb\":{\"@id\":\"https:\\\/\\\/doctoralaurafernandez.com\\\/privacy-policy\\\/#breadcrumb\"},\"inLanguage\":\"en-GB\",\"potentialAction\":[{\"@type\":\"ReadAction\",\"target\":[\"https:\\\/\\\/doctoralaurafernandez.com\\\/privacy-policy\\\/\"]}]},{\"@type\":\"BreadcrumbList\",\"@id\":\"https:\\\/\\\/doctoralaurafernandez.com\\\/privacy-policy\\\/#breadcrumb\",\"itemListElement\":[{\"@type\":\"ListItem\",\"position\":1,\"name\":\"Portada\",\"item\":\"https:\\\/\\\/doctoralaurafernandez.com\\\/\"},{\"@type\":\"ListItem\",\"position\":2,\"name\":\"Pol\u00edtica de privacidad\"}]},{\"@type\":\"WebSite\",\"@id\":\"https:\\\/\\\/doctoralaurafernandez.com\\\/#website\",\"url\":\"https:\\\/\\\/doctoralaurafernandez.com\\\/\",\"name\":\"Dra. Laura Fern\u00e1ndez\",\"description\":\"Medicina Est\u00e9tica en Ibiza\",\"publisher\":{\"@id\":\"https:\\\/\\\/doctoralaurafernandez.com\\\/#organization\"},\"potentialAction\":[{\"@type\":\"SearchAction\",\"target\":{\"@type\":\"EntryPoint\",\"urlTemplate\":\"https:\\\/\\\/doctoralaurafernandez.com\\\/?s={search_term_string}\"},\"query-input\":{\"@type\":\"PropertyValueSpecification\",\"valueRequired\":true,\"valueName\":\"search_term_string\"}}],\"inLanguage\":\"en-GB\"},{\"@type\":\"Organization\",\"@id\":\"https:\\\/\\\/doctoralaurafernandez.com\\\/#organization\",\"name\":\"Dra. Laura Fern\u00e1ndez\",\"url\":\"https:\\\/\\\/doctoralaurafernandez.com\\\/\",\"logo\":{\"@type\":\"ImageObject\",\"inLanguage\":\"en-GB\",\"@id\":\"https:\\\/\\\/doctoralaurafernandez.com\\\/#\\\/schema\\\/logo\\\/image\\\/\",\"url\":\"https:\\\/\\\/doctoralaurafernandez.com\\\/wp-content\\\/uploads\\\/2024\\\/04\\\/cropped-Logo-Clinica-1.jpg\",\"contentUrl\":\"https:\\\/\\\/doctoralaurafernandez.com\\\/wp-content\\\/uploads\\\/2024\\\/04\\\/cropped-Logo-Clinica-1.jpg\",\"width\":512,\"height\":512,\"caption\":\"Dra. Laura Fern\u00e1ndez\"},\"image\":{\"@id\":\"https:\\\/\\\/doctoralaurafernandez.com\\\/#\\\/schema\\\/logo\\\/image\\\/\"},\"sameAs\":[\"https:\\\/\\\/www.facebook.com\\\/laura.clinicamedicinaestetica\",\"https:\\\/\\\/www.instagram.com\\\/dralaurafernandezibiza\\\/\"]}]}<\/script>\n<!-- \/ Yoast SEO plugin. -->","yoast_head_json":{"title":"Pol\u00edtica de privacidad | Dra Laura Fern\u00e1ndez Medicina Est\u00e9tica Ibiza","robots":{"index":"index","follow":"follow","max-snippet":"max-snippet:-1","max-image-preview":"max-image-preview:large","max-video-preview":"max-video-preview:-1"},"canonical":"https:\/\/doctoralaurafernandez.com\/en\/privacy-policy\/","og_locale":"en_GB","og_type":"article","og_title":"Pol\u00edtica de privacidad | Dra Laura Fern\u00e1ndez Medicina Est\u00e9tica Ibiza","og_description":"Pol\u00edtica de privacidad De conformidad con el art\u00edculo 13 del Reglamento (UE) 2016\/679, de 27 de abril,relativo a la protecci\u00f3n de las personas f\u00edsicas en lo que respecta al tratamiento dedatos personales y a la libre circulaci\u00f3n de los mismos, y del art\u00edculo 11 de la LeyOrg\u00e1nica 3\/2018, de 5 de diciembre, de Protecci\u00f3n de&hellip;&nbsp;Read More &raquo;Pol\u00edtica de privacidad","og_url":"https:\/\/doctoralaurafernandez.com\/en\/privacy-policy\/","og_site_name":"Dra Laura Fern\u00e1ndez Medicina Est\u00e9tica Ibiza","article_publisher":"https:\/\/www.facebook.com\/laura.clinicamedicinaestetica","article_modified_time":"2024-04-09T08:32:39+00:00","og_image":[{"width":1707,"height":2560,"url":"https:\/\/doctoralaurafernandez.com\/wp-content\/uploads\/2024\/04\/DSC01132-scaled.jpg","type":"image\/jpeg"}],"twitter_card":"summary_large_image","twitter_misc":{"Estimated reading time":"3 minutes"},"schema":{"@context":"https:\/\/schema.org","@graph":[{"@type":"WebPage","@id":"https:\/\/doctoralaurafernandez.com\/privacy-policy\/","url":"https:\/\/doctoralaurafernandez.com\/privacy-policy\/","name":"Pol\u00edtica de privacidad | Dra Laura Fern\u00e1ndez Medicina Est\u00e9tica Ibiza","isPartOf":{"@id":"https:\/\/doctoralaurafernandez.com\/#website"},"datePublished":"2023-01-25T12:32:10+00:00","dateModified":"2024-04-09T08:32:39+00:00","breadcrumb":{"@id":"https:\/\/doctoralaurafernandez.com\/privacy-policy\/#breadcrumb"},"inLanguage":"en-GB","potentialAction":[{"@type":"ReadAction","target":["https:\/\/doctoralaurafernandez.com\/privacy-policy\/"]}]},{"@type":"BreadcrumbList","@id":"https:\/\/doctoralaurafernandez.com\/privacy-policy\/#breadcrumb","itemListElement":[{"@type":"ListItem","position":1,"name":"Portada","item":"https:\/\/doctoralaurafernandez.com\/"},{"@type":"ListItem","position":2,"name":"Pol\u00edtica de privacidad"}]},{"@type":"WebSite","@id":"https:\/\/doctoralaurafernandez.com\/#website","url":"https:\/\/doctoralaurafernandez.com\/","name":"Dra. Laura Fern\u00e1ndez","description":"Medicina Est\u00e9tica en Ibiza","publisher":{"@id":"https:\/\/doctoralaurafernandez.com\/#organization"},"potentialAction":[{"@type":"SearchAction","target":{"@type":"EntryPoint","urlTemplate":"https:\/\/doctoralaurafernandez.com\/?s={search_term_string}"},"query-input":{"@type":"PropertyValueSpecification","valueRequired":true,"valueName":"search_term_string"}}],"inLanguage":"en-GB"},{"@type":"Organization","@id":"https:\/\/doctoralaurafernandez.com\/#organization","name":"Dra. Laura Fern\u00e1ndez","url":"https:\/\/doctoralaurafernandez.com\/","logo":{"@type":"ImageObject","inLanguage":"en-GB","@id":"https:\/\/doctoralaurafernandez.com\/#\/schema\/logo\/image\/","url":"https:\/\/doctoralaurafernandez.com\/wp-content\/uploads\/2024\/04\/cropped-Logo-Clinica-1.jpg","contentUrl":"https:\/\/doctoralaurafernandez.com\/wp-content\/uploads\/2024\/04\/cropped-Logo-Clinica-1.jpg","width":512,"height":512,"caption":"Dra. Laura Fern\u00e1ndez"},"image":{"@id":"https:\/\/doctoralaurafernandez.com\/#\/schema\/logo\/image\/"},"sameAs":["https:\/\/www.facebook.com\/laura.clinicamedicinaestetica","https:\/\/www.instagram.com\/dralaurafernandezibiza\/"]}]}},"jetpack_sharing_enabled":true,"_links":{"self":[{"href":"https:\/\/doctoralaurafernandez.com\/en\/wp-json\/wp\/v2\/pages\/3","targetHints":{"allow":["GET"]}}],"collection":[{"href":"https:\/\/doctoralaurafernandez.com\/en\/wp-json\/wp\/v2\/pages"}],"about":[{"href":"https:\/\/doctoralaurafernandez.com\/en\/wp-json\/wp\/v2\/types\/page"}],"author":[{"embeddable":true,"href":"https:\/\/doctoralaurafernandez.com\/en\/wp-json\/wp\/v2\/users\/1"}],"replies":[{"embeddable":true,"href":"https:\/\/doctoralaurafernandez.com\/en\/wp-json\/wp\/v2\/comments?post=3"}],"version-history":[{"count":1,"href":"https:\/\/doctoralaurafernandez.com\/en\/wp-json\/wp\/v2\/pages\/3\/revisions"}],"predecessor-version":[{"id":604,"href":"https:\/\/doctoralaurafernandez.com\/en\/wp-json\/wp\/v2\/pages\/3\/revisions\/604"}],"wp:attachment":[{"href":"https:\/\/doctoralaurafernandez.com\/en\/wp-json\/wp\/v2\/media?parent=3"}],"curies":[{"name":"wp","href":"https:\/\/api.w.org\/{rel}","templated":true}]}}